{"id":268738,"date":"2018-06-27T18:56:08","date_gmt":"2018-06-27T18:56:08","guid":{"rendered":"https:\/\/sfcsstl.org\/proximos-pasos-para-mantener-a-las-familias-unidas\/"},"modified":"2018-06-27T18:56:08","modified_gmt":"2018-06-27T18:56:08","slug":"proximos-pasos-para-mantener-a-las-familias-unidas","status":"publish","type":"page","link":"https:\/\/sfcsstl.org\/es\/proximos-pasos-para-mantener-a-las-familias-unidas\/","title":{"rendered":"Pr\u00f3ximos pasos para mantener a las familias unidas"},"content":{"rendered":"<h2><\/h2>\n<h2>Materiales y recursos del taller<\/h2>\n<p>Gracias a los m\u00e1s de 200 invitados que asistieron a nuestro taller del 27 de junio, <em><strong>Pr\u00f3ximos pasos para mantener a las familias unidas<\/strong><\/em>. Nos apasiona nuestro trabajo con familias inmigrantes y abogamos por respuestas justas a los recientes acontecimientos en la frontera sur de Estados Unidos. Un agradecimiento especial al coanfitri\u00f3n del evento, la <a href=\"http:\/\/archstl.org\/peace-justice\" target=\"_blank\" rel=\"noopener\">Comisi\u00f3n de Paz y Justicia<\/a> de la Archidi\u00f3cesis, y a la organizaci\u00f3n asociada, el <a href=\"https:\/\/stl-ifcla.org\/\" target=\"_blank\" rel=\"noopener\">Comit\u00e9 Interreligioso sobre Am\u00e9rica Latina<\/a>. T\u00f3mese un momento para visitar sus sitios web para obtener m\u00e1s informaci\u00f3n. A continuaci\u00f3n, encontrar\u00e1 recursos y materiales descargables del evento. Vaya a la <strong><a href=\"https:\/\/sfcsstl.org\/get-involved\/donate\/\" target=\"_blank\" rel=\"noopener\">P\u00e1gina de donaciones<\/a><\/strong> para contribuir a nuestra labor integral con menores no acompa\u00f1ados y familias inmigrantes en las \u00e1reas de asistencia jur\u00eddica, asesoramiento biling\u00fce, gesti\u00f3n de casos y programas para j\u00f3venes.<\/p>\n<h6>Descargar: <a href=\"https:\/\/sfcsstl.org\/wp-content\/uploads\/2018\/06\/How-You-Can-Help-SFCS.pdf\" target=\"_blank\" rel=\"noopener\">c\u00f3mo puede ayudar<\/a><\/h6>\n<h6>Descargar: <a href=\"https:\/\/sfcsstl.org\/wp-content\/uploads\/2018\/06\/Next-Steps-Presentation.pdf\">Presentaci\u00f3n de PowerPoint sobre los pr\u00f3ximos pasos<\/a><\/h6>\n<h6>Descargar: <a href=\"https:\/\/sfcsstl.org\/wp-content\/uploads\/2018\/06\/Seperating-Families-PPT-Presentation.pdf\" target=\"_blank\" rel=\"noopener\">Presentaci\u00f3n de PowerPoint sobre la respuesta moral<\/a><\/h6>\n<h6>Descargar: <a href=\"https:\/\/sfcsstl.org\/wp-content\/uploads\/2018\/06\/Seperating-Families-Handout.pdf\" target=\"_blank\" rel=\"noopener\">folletos sobre la separaci\u00f3n de familias<\/a><br \/>\n (recopilados de los sitios web de <a href=\"https:\/\/justiceforimmigrants.org\/\" target=\"_blank\" rel=\"noopener\">USCCB<\/a> y <a href=\"https:\/\/cliniclegal.org\/\" target=\"_blank\" rel=\"noopener\">CLINIC<\/a>)<\/h6>\n<h6>Descargar: <a href=\"https:\/\/sfcsstl.org\/wp-content\/uploads\/2018\/06\/Adorers-Statement-on-Family-Seperation.pdf\">declaraci\u00f3n de adoradores sobre la separaci\u00f3n familiar<\/a><\/h6>\n<h6>Descargar: <a href=\"https:\/\/sfcsstl.org\/wp-content\/uploads\/2018\/06\/Prayer.pdf\">oraci\u00f3n<\/a><\/h6>\n<h6>V\u00eddeo del taller, parte 1:<\/h6>\n<div style=\"width: 360px;\" class=\"wp-video\"><video class=\"wp-video-shortcode\" id=\"video-268738-1\" width=\"360\" height=\"640\" preload=\"metadata\" controls=\"controls\"><source type=\"video\/mp4\" src=\"https:\/\/sfcsstl.org\/wp-content\/uploads\/2018\/06\/Workshop-Part-1.mp4?_=1\" \/><a href=\"https:\/\/sfcsstl.org\/wp-content\/uploads\/2018\/06\/Workshop-Part-1.mp4\">https:\/\/sfcsstl.org\/wp-content\/uploads\/2018\/06\/Workshop-Part-1.mp4<\/a><\/video><\/div>\n<h6>V\u00eddeo del taller, parte 2:<\/h6>\n<div style=\"width: 360px;\" class=\"wp-video\"><video class=\"wp-video-shortcode\" id=\"video-268738-2\" width=\"360\" height=\"640\" preload=\"metadata\" controls=\"controls\"><source type=\"video\/mp4\" src=\"https:\/\/sfcsstl.org\/wp-content\/uploads\/2018\/06\/Workshop-Part-2.mp4?_=2\" \/><a href=\"https:\/\/sfcsstl.org\/wp-content\/uploads\/2018\/06\/Workshop-Part-2.mp4\">https:\/\/sfcsstl.org\/wp-content\/uploads\/2018\/06\/Workshop-Part-2.mp4<\/a><\/video><\/div>\n<p>&nbsp;<\/p>\n","protected":false},"excerpt":{"rendered":"<p>Materiales y recursos del taller Gracias a los m\u00e1s de 200 invitados que asistieron a nuestro taller del 27 de junio, Pr\u00f3ximos pasos para mantener a las familias unidas. Nos apasiona nuestro trabajo con familias inmigrantes y abogamos por respuestas justas a los recientes acontecimientos en la frontera sur de Estados Unidos. Un agradecimiento especial&hellip;<\/p>\n","protected":false},"author":9,"featured_media":0,"parent":0,"menu_order":0,"comment_status":"closed","ping_status":"closed","template":"","meta":{"_acf_changed":false,"inline_featured_image":false,"footnotes":""},"class_list":["post-268738","page","type-page","status-publish","hentry"],"acf":[],"aioseo_notices":[],"yoast_head":"<!-- This site is optimized with the Yoast SEO plugin v24.1 - https:\/\/yoast.com\/wordpress\/plugins\/seo\/ -->\n<title>Pr\u00f3ximos pasos para mantener a las familias unidas - St. Francis Community Services<\/title>\n<meta name=\"robots\" content=\"index, follow, max-snippet:-1, max-image-preview:large, max-video-preview:-1\" \/>\n<link rel=\"canonical\" href=\"https:\/\/sfcsstl.org\/es\/proximos-pasos-para-mantener-a-las-familias-unidas\/\" \/>\n<meta property=\"og:locale\" content=\"es_ES\" \/>\n<meta property=\"og:type\" content=\"article\" \/>\n<meta property=\"og:title\" content=\"Pr\u00f3ximos pasos para mantener a las familias unidas - St. Francis Community Services\" \/>\n<meta property=\"og:description\" content=\"Materiales y recursos del taller Gracias a los m\u00e1s de 200 invitados que asistieron a nuestro taller del 27 de junio, Pr\u00f3ximos pasos para mantener a las familias unidas. Nos apasiona nuestro trabajo con familias inmigrantes y abogamos por respuestas justas a los recientes acontecimientos en la frontera sur de Estados Unidos. Un agradecimiento especial&hellip;\" \/>\n<meta property=\"og:url\" content=\"https:\/\/sfcsstl.org\/es\/proximos-pasos-para-mantener-a-las-familias-unidas\/\" \/>\n<meta property=\"og:site_name\" content=\"St. Francis Community Services\" \/>\n<meta name=\"twitter:card\" content=\"summary_large_image\" \/>\n<meta name=\"twitter:label1\" content=\"Est. reading time\" \/>\n\t<meta name=\"twitter:data1\" content=\"1 minuto\" \/>\n<script type=\"application\/ld+json\" class=\"yoast-schema-graph\">{\"@context\":\"https:\/\/schema.org\",\"@graph\":[{\"@type\":\"WebPage\",\"@id\":\"https:\/\/sfcsstl.org\/es\/proximos-pasos-para-mantener-a-las-familias-unidas\/\",\"url\":\"https:\/\/sfcsstl.org\/es\/proximos-pasos-para-mantener-a-las-familias-unidas\/\",\"name\":\"Pr\u00f3ximos pasos para mantener a las familias unidas - St. Francis Community Services\",\"isPartOf\":{\"@id\":\"https:\/\/sfcsstl.org\/es\/#website\"},\"datePublished\":\"2018-06-27T18:56:08+00:00\",\"dateModified\":\"2018-06-27T18:56:08+00:00\",\"breadcrumb\":{\"@id\":\"https:\/\/sfcsstl.org\/es\/proximos-pasos-para-mantener-a-las-familias-unidas\/#breadcrumb\"},\"inLanguage\":\"es\",\"potentialAction\":[{\"@type\":\"ReadAction\",\"target\":[\"https:\/\/sfcsstl.org\/es\/proximos-pasos-para-mantener-a-las-familias-unidas\/\"]}]},{\"@type\":\"BreadcrumbList\",\"@id\":\"https:\/\/sfcsstl.org\/es\/proximos-pasos-para-mantener-a-las-familias-unidas\/#breadcrumb\",\"itemListElement\":[{\"@type\":\"ListItem\",\"position\":1,\"name\":\"Home\",\"item\":\"https:\/\/sfcsstl.org\/es\/\"},{\"@type\":\"ListItem\",\"position\":2,\"name\":\"Pr\u00f3ximos pasos para mantener a las familias unidas\"}]},{\"@type\":\"WebSite\",\"@id\":\"https:\/\/sfcsstl.org\/es\/#website\",\"url\":\"https:\/\/sfcsstl.org\/es\/\",\"name\":\"St. Francis Community Services\",\"description\":\"Achieving A Better Tomorrow\",\"potentialAction\":[{\"@type\":\"SearchAction\",\"target\":{\"@type\":\"EntryPoint\",\"urlTemplate\":\"https:\/\/sfcsstl.org\/es\/?s={search_term_string}\"},\"query-input\":{\"@type\":\"PropertyValueSpecification\",\"valueRequired\":true,\"valueName\":\"search_term_string\"}}],\"inLanguage\":\"es\"}]}<\/script>\n<!-- \/ Yoast SEO plugin. -->","yoast_head_json":{"title":"Pr\u00f3ximos pasos para mantener a las familias unidas - St. Francis Community Services","robots":{"index":"index","follow":"follow","max-snippet":"max-snippet:-1","max-image-preview":"max-image-preview:large","max-video-preview":"max-video-preview:-1"},"canonical":"https:\/\/sfcsstl.org\/es\/proximos-pasos-para-mantener-a-las-familias-unidas\/","og_locale":"es_ES","og_type":"article","og_title":"Pr\u00f3ximos pasos para mantener a las familias unidas - St. Francis Community Services","og_description":"Materiales y recursos del taller Gracias a los m\u00e1s de 200 invitados que asistieron a nuestro taller del 27 de junio, Pr\u00f3ximos pasos para mantener a las familias unidas. Nos apasiona nuestro trabajo con familias inmigrantes y abogamos por respuestas justas a los recientes acontecimientos en la frontera sur de Estados Unidos. Un agradecimiento especial&hellip;","og_url":"https:\/\/sfcsstl.org\/es\/proximos-pasos-para-mantener-a-las-familias-unidas\/","og_site_name":"St. Francis Community Services","twitter_card":"summary_large_image","twitter_misc":{"Est. reading time":"1 minuto"},"schema":{"@context":"https:\/\/schema.org","@graph":[{"@type":"WebPage","@id":"https:\/\/sfcsstl.org\/es\/proximos-pasos-para-mantener-a-las-familias-unidas\/","url":"https:\/\/sfcsstl.org\/es\/proximos-pasos-para-mantener-a-las-familias-unidas\/","name":"Pr\u00f3ximos pasos para mantener a las familias unidas - St. Francis Community Services","isPartOf":{"@id":"https:\/\/sfcsstl.org\/es\/#website"},"datePublished":"2018-06-27T18:56:08+00:00","dateModified":"2018-06-27T18:56:08+00:00","breadcrumb":{"@id":"https:\/\/sfcsstl.org\/es\/proximos-pasos-para-mantener-a-las-familias-unidas\/#breadcrumb"},"inLanguage":"es","potentialAction":[{"@type":"ReadAction","target":["https:\/\/sfcsstl.org\/es\/proximos-pasos-para-mantener-a-las-familias-unidas\/"]}]},{"@type":"BreadcrumbList","@id":"https:\/\/sfcsstl.org\/es\/proximos-pasos-para-mantener-a-las-familias-unidas\/#breadcrumb","itemListElement":[{"@type":"ListItem","position":1,"name":"Home","item":"https:\/\/sfcsstl.org\/es\/"},{"@type":"ListItem","position":2,"name":"Pr\u00f3ximos pasos para mantener a las familias unidas"}]},{"@type":"WebSite","@id":"https:\/\/sfcsstl.org\/es\/#website","url":"https:\/\/sfcsstl.org\/es\/","name":"St. Francis Community Services","description":"Achieving A Better Tomorrow","potentialAction":[{"@type":"SearchAction","target":{"@type":"EntryPoint","urlTemplate":"https:\/\/sfcsstl.org\/es\/?s={search_term_string}"},"query-input":{"@type":"PropertyValueSpecification","valueRequired":true,"valueName":"search_term_string"}}],"inLanguage":"es"}]}},"_links":{"self":[{"href":"https:\/\/sfcsstl.org\/es\/wp-json\/wp\/v2\/pages\/268738","targetHints":{"allow":["GET"]}}],"collection":[{"href":"https:\/\/sfcsstl.org\/es\/wp-json\/wp\/v2\/pages"}],"about":[{"href":"https:\/\/sfcsstl.org\/es\/wp-json\/wp\/v2\/types\/page"}],"author":[{"embeddable":true,"href":"https:\/\/sfcsstl.org\/es\/wp-json\/wp\/v2\/users\/9"}],"replies":[{"embeddable":true,"href":"https:\/\/sfcsstl.org\/es\/wp-json\/wp\/v2\/comments?post=268738"}],"version-history":[{"count":0,"href":"https:\/\/sfcsstl.org\/es\/wp-json\/wp\/v2\/pages\/268738\/revisions"}],"wp:attachment":[{"href":"https:\/\/sfcsstl.org\/es\/wp-json\/wp\/v2\/media?parent=268738"}],"curies":[{"name":"wp","href":"https:\/\/api.w.org\/{rel}","templated":true}]}}